{"id":21,"date":"2017-05-09T17:31:23","date_gmt":"2017-05-09T17:31:23","guid":{"rendered":"http:\/\/olasz-altisk.sulinet.hu\/weboldal\/?page_id=21"},"modified":"2017-05-23T08:22:24","modified_gmt":"2017-05-23T06:22:24","slug":"akikre-buszkek-vagyunk","status":"publish","type":"page","link":"http:\/\/olasz-altisk.edu.hu\/weboldal\/?page_id=21","title":{"rendered":"Akikre b\u00fcszk\u00e9k vagyunk"},"content":{"rendered":"<!-- default-view.php -->\n<div\n\tclass=\"ngg-galleryoverview default-view  ngg-ajax-pagination-none\"\n\tid=\"ngg-gallery-eba2a05005cdd23353ef9b38127ea164-1\">\n\n\t\t<!-- Thumbnails -->\n\t\t\t\t<div id=\"ngg-image-0\" class=\"ngg-gallery-thumbnail-box \" >\n\t\t\t\t        <div class=\"ngg-gallery-thumbnail\">\n            <a href=\"http:\/\/olasz-altisk.edu.hu\/weboldal\/wp-content\/gallery\/sport\/60427248_2326351020756560_8009503490323775488_n.jpg\"\n               title=\"\u00dajabb t\u00e1nc siker: Junior II.C standard 3.hely, Junior II.C.Latin 1.hely. Gratul\u00e1lunk Katona Z\u00e9t\u00e9nynek \u00e9s partner\u00e9nek!\"\n               data-src=\"http:\/\/olasz-altisk.edu.hu\/weboldal\/wp-content\/gallery\/sport\/60427248_2326351020756560_8009503490323775488_n.jpg\"\n               data-thumbnail=\"http:\/\/olasz-altisk.edu.hu\/weboldal\/wp-content\/gallery\/sport\/thumbs\/thumbs_60427248_2326351020756560_8009503490323775488_n.jpg\"\n               data-image-id=\"426\"\n               data-title=\"60427248_2326351020756560_8009503490323775488_n\"\n               data-description=\"\u00dajabb t\u00e1nc siker: Junior II.C standard 3.hely, Junior II.C.Latin 1.hely. Gratul\u00e1lunk Katona Z\u00e9t\u00e9nynek \u00e9s partner\u00e9nek!\"\n               data-image-slug=\"60427248_2326351020756560_8009503490323775488_n\"\n               class=\"ngg-fancybox\" rel=\"eba2a05005cdd23353ef9b38127ea164\">\n                <img\n                    title=\"60427248_2326351020756560_8009503490323775488_n\"\n                    alt=\"60427248_2326351020756560_8009503490323775488_n\"\n                    src=\"http:\/\/olasz-altisk.edu.hu\/weboldal\/wp-content\/gallery\/sport\/thumbs\/thumbs_60427248_2326351020756560_8009503490323775488_n.jpg\"\n                    width=\"240\"\n                    height=\"160\"\n                    style=\"max-width:100%;\"\n                \/>\n            <\/a>\n        <\/div>\n\t\t\t\t\t\t\t<\/div> \n\t\t\t\n\t\t\t\t<div id=\"ngg-image-1\" class=\"ngg-gallery-thumbnail-box \" >\n\t\t\t\t        <div class=\"ngg-gallery-thumbnail\">\n            <a href=\"http:\/\/olasz-altisk.edu.hu\/weboldal\/wp-content\/gallery\/sport\/61732674_2220248431378343_3302159410524061696_n.jpg\"\n               title=\"A R\u00f6plabda Di\u00e1kolimpia Orsz\u00e1gos el\u0151d\u00f6nt\u0151n iskol\u00e1nk csapata a 3.helyen v\u00e9gzett. Gratul\u00e1lunk!\"\n               data-src=\"http:\/\/olasz-altisk.edu.hu\/weboldal\/wp-content\/gallery\/sport\/61732674_2220248431378343_3302159410524061696_n.jpg\"\n               data-thumbnail=\"http:\/\/olasz-altisk.edu.hu\/weboldal\/wp-content\/gallery\/sport\/thumbs\/thumbs_61732674_2220248431378343_3302159410524061696_n.jpg\"\n               data-image-id=\"425\"\n               data-title=\"61732674_2220248431378343_3302159410524061696_n\"\n               data-description=\"A R\u00f6plabda Di\u00e1kolimpia Orsz\u00e1gos el\u0151d\u00f6nt\u0151n iskol\u00e1nk csapata a 3.helyen v\u00e9gzett. Gratul\u00e1lunk!\"\n               data-image-slug=\"61732674_2220248431378343_3302159410524061696_n\"\n               class=\"ngg-fancybox\" rel=\"eba2a05005cdd23353ef9b38127ea164\">\n                <img\n                    title=\"61732674_2220248431378343_3302159410524061696_n\"\n                    alt=\"61732674_2220248431378343_3302159410524061696_n\"\n                    src=\"http:\/\/olasz-altisk.edu.hu\/weboldal\/wp-content\/gallery\/sport\/thumbs\/thumbs_61732674_2220248431378343_3302159410524061696_n.jpg\"\n                    width=\"240\"\n                    height=\"160\"\n                    style=\"max-width:100%;\"\n                \/>\n            <\/a>\n        <\/div>\n\t\t\t\t\t\t\t<\/div> \n\t\t\t\n\t\t\t\t<div id=\"ngg-image-2\" class=\"ngg-gallery-thumbnail-box \" >\n\t\t\t\t        <div class=\"ngg-gallery-thumbnail\">\n            <a href=\"http:\/\/olasz-altisk.edu.hu\/weboldal\/wp-content\/gallery\/sport\/61007182_2203604383042748_4541933619236569088_n.jpg\"\n               title=\"Gratul\u00e1lunk! Strandr\u00f6plabda Di\u00e1kolimpia Budapest. 5.-6.oszt\u00e1ly. 4.hely\"\n               data-src=\"http:\/\/olasz-altisk.edu.hu\/weboldal\/wp-content\/gallery\/sport\/61007182_2203604383042748_4541933619236569088_n.jpg\"\n               data-thumbnail=\"http:\/\/olasz-altisk.edu.hu\/weboldal\/wp-content\/gallery\/sport\/thumbs\/thumbs_61007182_2203604383042748_4541933619236569088_n.jpg\"\n               data-image-id=\"423\"\n               data-title=\"61007182_2203604383042748_4541933619236569088_n\"\n               data-description=\"Gratul\u00e1lunk! Strandr\u00f6plabda Di\u00e1kolimpia Budapest. 5.-6.oszt\u00e1ly. 4.hely\"\n               data-image-slug=\"61007182_2203604383042748_4541933619236569088_n\"\n               class=\"ngg-fancybox\" rel=\"eba2a05005cdd23353ef9b38127ea164\">\n                <img\n                    title=\"61007182_2203604383042748_4541933619236569088_n\"\n                    alt=\"61007182_2203604383042748_4541933619236569088_n\"\n                    src=\"http:\/\/olasz-altisk.edu.hu\/weboldal\/wp-content\/gallery\/sport\/thumbs\/thumbs_61007182_2203604383042748_4541933619236569088_n.jpg\"\n                    width=\"240\"\n                    height=\"160\"\n                    style=\"max-width:100%;\"\n                \/>\n            <\/a>\n        <\/div>\n\t\t\t\t\t\t\t<\/div> \n\t\t\t\n\t\t\t\t<div id=\"ngg-image-3\" class=\"ngg-gallery-thumbnail-box \" >\n\t\t\t\t        <div class=\"ngg-gallery-thumbnail\">\n            <a href=\"http:\/\/olasz-altisk.edu.hu\/weboldal\/wp-content\/gallery\/sport\/60080226_10219271882813320_5844592995340386304_n.jpg\"\n               title=\"Gratul\u00e1lunk!&#013;\nOrsz\u00e1gos fest\u00e9szeti versenyen H\u00f3dmez\u0151v\u00e1s\u00e1rhelyen 300 di\u00e1k k\u00f6z\u00fcl iskol\u00e1nk 2 tanul\u00f3ja, Zsoldos Vivien I. korcsoportban, Schiebelhut Lara II. korcsoportban k\u00fcl\u00f6nd\u00edjat kapott\"\n               data-src=\"http:\/\/olasz-altisk.edu.hu\/weboldal\/wp-content\/gallery\/sport\/60080226_10219271882813320_5844592995340386304_n.jpg\"\n               data-thumbnail=\"http:\/\/olasz-altisk.edu.hu\/weboldal\/wp-content\/gallery\/sport\/thumbs\/thumbs_60080226_10219271882813320_5844592995340386304_n.jpg\"\n               data-image-id=\"427\"\n               data-title=\"60080226_10219271882813320_5844592995340386304_n\"\n               data-description=\"Gratul\u00e1lunk!&#013;\nOrsz\u00e1gos fest\u00e9szeti versenyen H\u00f3dmez\u0151v\u00e1s\u00e1rhelyen 300 di\u00e1k k\u00f6z\u00fcl iskol\u00e1nk 2 tanul\u00f3ja, Zsoldos Vivien I. korcsoportban, Schiebelhut Lara II. korcsoportban k\u00fcl\u00f6nd\u00edjat kapott\"\n               data-image-slug=\"60080226_10219271882813320_5844592995340386304_n\"\n               class=\"ngg-fancybox\" rel=\"eba2a05005cdd23353ef9b38127ea164\">\n                <img\n                    title=\"60080226_10219271882813320_5844592995340386304_n\"\n                    alt=\"60080226_10219271882813320_5844592995340386304_n\"\n                    src=\"http:\/\/olasz-altisk.edu.hu\/weboldal\/wp-content\/gallery\/sport\/thumbs\/thumbs_60080226_10219271882813320_5844592995340386304_n.jpg\"\n                    width=\"240\"\n                    height=\"160\"\n                    style=\"max-width:100%;\"\n                \/>\n            <\/a>\n        <\/div>\n\t\t\t\t\t\t\t<\/div> \n\t\t\t\n\t\t\t\t<div id=\"ngg-image-4\" class=\"ngg-gallery-thumbnail-box \" >\n\t\t\t\t        <div class=\"ngg-gallery-thumbnail\">\n            <a href=\"http:\/\/olasz-altisk.edu.hu\/weboldal\/wp-content\/gallery\/sport\/60518022_2205432902859896_5368685519154708480_n.jpg\"\n               title=\"Gratul\u00e1lunk! Strandr\u00f6plabda Di\u00e1kolimpia Budapest. 7.-8.o. 2.hely\"\n               data-src=\"http:\/\/olasz-altisk.edu.hu\/weboldal\/wp-content\/gallery\/sport\/60518022_2205432902859896_5368685519154708480_n.jpg\"\n               data-thumbnail=\"http:\/\/olasz-altisk.edu.hu\/weboldal\/wp-content\/gallery\/sport\/thumbs\/thumbs_60518022_2205432902859896_5368685519154708480_n.jpg\"\n               data-image-id=\"424\"\n               data-title=\"60518022_2205432902859896_5368685519154708480_n\"\n               data-description=\"Gratul\u00e1lunk! Strandr\u00f6plabda Di\u00e1kolimpia Budapest. 7.-8.o. 2.hely\"\n               data-image-slug=\"60518022_2205432902859896_5368685519154708480_n\"\n               class=\"ngg-fancybox\" rel=\"eba2a05005cdd23353ef9b38127ea164\">\n                <img\n                    title=\"60518022_2205432902859896_5368685519154708480_n\"\n                    alt=\"60518022_2205432902859896_5368685519154708480_n\"\n                    src=\"http:\/\/olasz-altisk.edu.hu\/weboldal\/wp-content\/gallery\/sport\/thumbs\/thumbs_60518022_2205432902859896_5368685519154708480_n.jpg\"\n                    width=\"240\"\n                    height=\"160\"\n                    style=\"max-width:100%;\"\n                \/>\n            <\/a>\n        <\/div>\n\t\t\t\t\t\t\t<\/div> \n\t\t\t\n\t\t\t\t<div id=\"ngg-image-5\" class=\"ngg-gallery-thumbnail-box \" >\n\t\t\t\t        <div class=\"ngg-gallery-thumbnail\">\n            <a href=\"http:\/\/olasz-altisk.edu.hu\/weboldal\/wp-content\/gallery\/sport\/55505737_1479498032186469_3528872179821182976_n.jpg\"\n               title=\"2019. \u00e9vi V\u00edz Vil\u00e1gnap &quot;v\u00edz-kv\u00edz&quot; orsz\u00e1gos vet\u00e9lked\u0151n a T\u00fcnd\u00e9rr\u00f3zs\u00e1k \u00e9s a Kecskehalak csapata is 1. helyez\u00e9st \u00e9rt el. Gratul\u00e1lunk!\"\n               data-src=\"http:\/\/olasz-altisk.edu.hu\/weboldal\/wp-content\/gallery\/sport\/55505737_1479498032186469_3528872179821182976_n.jpg\"\n               data-thumbnail=\"http:\/\/olasz-altisk.edu.hu\/weboldal\/wp-content\/gallery\/sport\/thumbs\/thumbs_55505737_1479498032186469_3528872179821182976_n.jpg\"\n               data-image-id=\"391\"\n               data-title=\"55505737_1479498032186469_3528872179821182976_n\"\n               data-description=\"2019. \u00e9vi V\u00edz Vil\u00e1gnap &quot;v\u00edz-kv\u00edz&quot; orsz\u00e1gos vet\u00e9lked\u0151n a T\u00fcnd\u00e9rr\u00f3zs\u00e1k \u00e9s a Kecskehalak csapata is 1. helyez\u00e9st \u00e9rt el. Gratul\u00e1lunk!\"\n               data-image-slug=\"55505737_1479498032186469_3528872179821182976_n\"\n               class=\"ngg-fancybox\" rel=\"eba2a05005cdd23353ef9b38127ea164\">\n                <img\n                    title=\"55505737_1479498032186469_3528872179821182976_n\"\n                    alt=\"55505737_1479498032186469_3528872179821182976_n\"\n                    src=\"http:\/\/olasz-altisk.edu.hu\/weboldal\/wp-content\/gallery\/sport\/thumbs\/thumbs_55505737_1479498032186469_3528872179821182976_n.jpg\"\n                    width=\"240\"\n                    height=\"160\"\n                    style=\"max-width:100%;\"\n                \/>\n            <\/a>\n        <\/div>\n\t\t\t\t\t\t\t<\/div> \n\t\t\t\n\t\t\t\t<div id=\"ngg-image-6\" class=\"ngg-gallery-thumbnail-box \" >\n\t\t\t\t        <div class=\"ngg-gallery-thumbnail\">\n            <a href=\"http:\/\/olasz-altisk.edu.hu\/weboldal\/wp-content\/gallery\/sport\/55690724_1477849179018021_4206878302738055168_n.jpg\"\n               title=\"Gratul\u00e1lunk! A P\u00e1r-Baj region\u00e1lis Term\u00e9szettudom\u00e1nyos Vet\u00e9lked\u0151n  Schrempf Gerg\u0151 \u00e9s Horv\u00e1th M\u00e1rk\u00f3 8. oszt\u00e1lyos tanul\u00f3k I. helyez\u00e9st \u00e9rtek el.\"\n               data-src=\"http:\/\/olasz-altisk.edu.hu\/weboldal\/wp-content\/gallery\/sport\/55690724_1477849179018021_4206878302738055168_n.jpg\"\n               data-thumbnail=\"http:\/\/olasz-altisk.edu.hu\/weboldal\/wp-content\/gallery\/sport\/thumbs\/thumbs_55690724_1477849179018021_4206878302738055168_n.jpg\"\n               data-image-id=\"389\"\n               data-title=\"55690724_1477849179018021_4206878302738055168_n\"\n               data-description=\"Gratul\u00e1lunk! A P\u00e1r-Baj region\u00e1lis Term\u00e9szettudom\u00e1nyos Vet\u00e9lked\u0151n  Schrempf Gerg\u0151 \u00e9s Horv\u00e1th M\u00e1rk\u00f3 8. oszt\u00e1lyos tanul\u00f3k I. helyez\u00e9st \u00e9rtek el.\"\n               data-image-slug=\"55690724_1477849179018021_4206878302738055168_n\"\n               class=\"ngg-fancybox\" rel=\"eba2a05005cdd23353ef9b38127ea164\">\n                <img\n                    title=\"55690724_1477849179018021_4206878302738055168_n\"\n                    alt=\"55690724_1477849179018021_4206878302738055168_n\"\n                    src=\"http:\/\/olasz-altisk.edu.hu\/weboldal\/wp-content\/gallery\/sport\/thumbs\/thumbs_55690724_1477849179018021_4206878302738055168_n.jpg\"\n                    width=\"240\"\n                    height=\"160\"\n                    style=\"max-width:100%;\"\n                \/>\n            <\/a>\n        <\/div>\n\t\t\t\t\t\t\t<\/div> \n\t\t\t\n\t\t\t\t<div id=\"ngg-image-7\" class=\"ngg-gallery-thumbnail-box \" >\n\t\t\t\t        <div class=\"ngg-gallery-thumbnail\">\n            <a href=\"http:\/\/olasz-altisk.edu.hu\/weboldal\/wp-content\/gallery\/sport\/53753618_10218809831022314_8087749827292561408_o.jpg\"\n               title=\"R\u00f6plabda Di\u00e1kolimpia megyei d\u00f6nt\u0151 1.hely&#013;\n\u00cdgy tov\u00e1bb!\"\n               data-src=\"http:\/\/olasz-altisk.edu.hu\/weboldal\/wp-content\/gallery\/sport\/53753618_10218809831022314_8087749827292561408_o.jpg\"\n               data-thumbnail=\"http:\/\/olasz-altisk.edu.hu\/weboldal\/wp-content\/gallery\/sport\/thumbs\/thumbs_53753618_10218809831022314_8087749827292561408_o.jpg\"\n               data-image-id=\"388\"\n               data-title=\"53753618_10218809831022314_8087749827292561408_o\"\n               data-description=\"R\u00f6plabda Di\u00e1kolimpia megyei d\u00f6nt\u0151 1.hely&#013;\n\u00cdgy tov\u00e1bb!\"\n               data-image-slug=\"53753618_10218809831022314_8087749827292561408_o\"\n               class=\"ngg-fancybox\" rel=\"eba2a05005cdd23353ef9b38127ea164\">\n                <img\n                    title=\"53753618_10218809831022314_8087749827292561408_o\"\n                    alt=\"53753618_10218809831022314_8087749827292561408_o\"\n                    src=\"http:\/\/olasz-altisk.edu.hu\/weboldal\/wp-content\/gallery\/sport\/thumbs\/thumbs_53753618_10218809831022314_8087749827292561408_o.jpg\"\n                    width=\"240\"\n                    height=\"160\"\n                    style=\"max-width:100%;\"\n                \/>\n            <\/a>\n        <\/div>\n\t\t\t\t\t\t\t<\/div> \n\t\t\t\n\t\t\t\t<div id=\"ngg-image-8\" class=\"ngg-gallery-thumbnail-box \" >\n\t\t\t\t        <div class=\"ngg-gallery-thumbnail\">\n            <a href=\"http:\/\/olasz-altisk.edu.hu\/weboldal\/wp-content\/gallery\/sport\/52788314_10218693384791231_8600982252907659264_n.jpg\"\n               title=\"R\u00f6plabda Farsangi kupa 1. \u00e9s 3. hely&#013;\nGratul\u00e1lunk!\"\n               data-src=\"http:\/\/olasz-altisk.edu.hu\/weboldal\/wp-content\/gallery\/sport\/52788314_10218693384791231_8600982252907659264_n.jpg\"\n               data-thumbnail=\"http:\/\/olasz-altisk.edu.hu\/weboldal\/wp-content\/gallery\/sport\/thumbs\/thumbs_52788314_10218693384791231_8600982252907659264_n.jpg\"\n               data-image-id=\"387\"\n               data-title=\"52788314_10218693384791231_8600982252907659264_n\"\n               data-description=\"R\u00f6plabda Farsangi kupa 1. \u00e9s 3. hely&#013;\nGratul\u00e1lunk!\"\n               data-image-slug=\"52788314_10218693384791231_8600982252907659264_n\"\n               class=\"ngg-fancybox\" rel=\"eba2a05005cdd23353ef9b38127ea164\">\n                <img\n                    title=\"52788314_10218693384791231_8600982252907659264_n\"\n                    alt=\"52788314_10218693384791231_8600982252907659264_n\"\n                    src=\"http:\/\/olasz-altisk.edu.hu\/weboldal\/wp-content\/gallery\/sport\/thumbs\/thumbs_52788314_10218693384791231_8600982252907659264_n.jpg\"\n                    width=\"240\"\n                    height=\"160\"\n                    style=\"max-width:100%;\"\n                \/>\n            <\/a>\n        <\/div>\n\t\t\t\t\t\t\t<\/div> \n\t\t\t\n\t\t\t\t<div id=\"ngg-image-9\" class=\"ngg-gallery-thumbnail-box \" >\n\t\t\t\t        <div class=\"ngg-gallery-thumbnail\">\n            <a href=\"http:\/\/olasz-altisk.edu.hu\/weboldal\/wp-content\/gallery\/sport\/52732909_10218693385231242_3566819985407868928_n.jpg\"\n               title=\"R\u00f6plabda Farsangi kupa 1. \u00e9s 3. hely&#013;\nGratul\u00e1lunk!\"\n               data-src=\"http:\/\/olasz-altisk.edu.hu\/weboldal\/wp-content\/gallery\/sport\/52732909_10218693385231242_3566819985407868928_n.jpg\"\n               data-thumbnail=\"http:\/\/olasz-altisk.edu.hu\/weboldal\/wp-content\/gallery\/sport\/thumbs\/thumbs_52732909_10218693385231242_3566819985407868928_n.jpg\"\n               data-image-id=\"386\"\n               data-title=\"52732909_10218693385231242_3566819985407868928_n\"\n               data-description=\"R\u00f6plabda Farsangi kupa 1. \u00e9s 3. hely&#013;\nGratul\u00e1lunk!\"\n               data-image-slug=\"52732909_10218693385231242_3566819985407868928_n\"\n               class=\"ngg-fancybox\" rel=\"eba2a05005cdd23353ef9b38127ea164\">\n                <img\n                    title=\"52732909_10218693385231242_3566819985407868928_n\"\n                    alt=\"52732909_10218693385231242_3566819985407868928_n\"\n                    src=\"http:\/\/olasz-altisk.edu.hu\/weboldal\/wp-content\/gallery\/sport\/thumbs\/thumbs_52732909_10218693385231242_3566819985407868928_n.jpg\"\n                    width=\"240\"\n                    height=\"160\"\n                    style=\"max-width:100%;\"\n                \/>\n            <\/a>\n        <\/div>\n\t\t\t\t\t\t\t<\/div> \n\t\t\t\n\t\t\t\t<div id=\"ngg-image-10\" class=\"ngg-gallery-thumbnail-box \" >\n\t\t\t\t        <div class=\"ngg-gallery-thumbnail\">\n            <a href=\"http:\/\/olasz-altisk.edu.hu\/weboldal\/wp-content\/gallery\/sport\/53742551_1986311871676990_5522239713907310592_n.jpg\"\n               title=\"A Bendeg\u00faz levelez\u0151s verseny tant\u00e1rgyi bronz \u00e9s ez\u00fcst helyezettjei. Gratul\u00e1lunk!\"\n               data-src=\"http:\/\/olasz-altisk.edu.hu\/weboldal\/wp-content\/gallery\/sport\/53742551_1986311871676990_5522239713907310592_n.jpg\"\n               data-thumbnail=\"http:\/\/olasz-altisk.edu.hu\/weboldal\/wp-content\/gallery\/sport\/thumbs\/thumbs_53742551_1986311871676990_5522239713907310592_n.jpg\"\n               data-image-id=\"385\"\n               data-title=\"53742551_1986311871676990_5522239713907310592_n\"\n               data-description=\"A Bendeg\u00faz levelez\u0151s verseny tant\u00e1rgyi bronz \u00e9s ez\u00fcst helyezettjei. Gratul\u00e1lunk!\"\n               data-image-slug=\"53742551_1986311871676990_5522239713907310592_n\"\n               class=\"ngg-fancybox\" rel=\"eba2a05005cdd23353ef9b38127ea164\">\n                <img\n                    title=\"53742551_1986311871676990_5522239713907310592_n\"\n                    alt=\"53742551_1986311871676990_5522239713907310592_n\"\n                    src=\"http:\/\/olasz-altisk.edu.hu\/weboldal\/wp-content\/gallery\/sport\/thumbs\/thumbs_53742551_1986311871676990_5522239713907310592_n.jpg\"\n                    width=\"240\"\n                    height=\"160\"\n                    style=\"max-width:100%;\"\n                \/>\n            <\/a>\n        <\/div>\n\t\t\t\t\t\t\t<\/div> \n\t\t\t\n\t\t\t\t<div id=\"ngg-image-11\" class=\"ngg-gallery-thumbnail-box \" >\n\t\t\t\t        <div class=\"ngg-gallery-thumbnail\">\n            <a href=\"http:\/\/olasz-altisk.edu.hu\/weboldal\/wp-content\/gallery\/sport\/32840731_1223314344471507_5843089456139075584_n.jpg\"\n               title=\"A P\u00c9NTEK K\u00c1ROLY LABDAR\u00daG\u00d3 EML\u00c9KTORN\u00c1N iskol\u00e1nk csapata 2. helyez\u00e9st \u00e9rt el.\"\n               data-src=\"http:\/\/olasz-altisk.edu.hu\/weboldal\/wp-content\/gallery\/sport\/32840731_1223314344471507_5843089456139075584_n.jpg\"\n               data-thumbnail=\"http:\/\/olasz-altisk.edu.hu\/weboldal\/wp-content\/gallery\/sport\/thumbs\/thumbs_32840731_1223314344471507_5843089456139075584_n.jpg\"\n               data-image-id=\"306\"\n               data-title=\"32840731_1223314344471507_5843089456139075584_n\"\n               data-description=\"A P\u00c9NTEK K\u00c1ROLY LABDAR\u00daG\u00d3 EML\u00c9KTORN\u00c1N iskol\u00e1nk csapata 2. helyez\u00e9st \u00e9rt el.\"\n               data-image-slug=\"32840731_1223314344471507_5843089456139075584_n\"\n               class=\"ngg-fancybox\" rel=\"eba2a05005cdd23353ef9b38127ea164\">\n                <img\n                    title=\"32840731_1223314344471507_5843089456139075584_n\"\n                    alt=\"32840731_1223314344471507_5843089456139075584_n\"\n                    src=\"http:\/\/olasz-altisk.edu.hu\/weboldal\/wp-content\/gallery\/sport\/thumbs\/thumbs_32840731_1223314344471507_5843089456139075584_n.jpg\"\n                    width=\"240\"\n                    height=\"160\"\n                    style=\"max-width:100%;\"\n                \/>\n            <\/a>\n        <\/div>\n\t\t\t\t\t\t\t<\/div> \n\t\t\t\n\t\t\t\t<div id=\"ngg-image-12\" class=\"ngg-gallery-thumbnail-box \" >\n\t\t\t\t        <div class=\"ngg-gallery-thumbnail\">\n            <a href=\"http:\/\/olasz-altisk.edu.hu\/weboldal\/wp-content\/gallery\/sport\/DSCI0344.JPG\"\n               title=\"A fels\u0151s n\u00e9met szaval\u00f3verseny helyezettjei.\"\n               data-src=\"http:\/\/olasz-altisk.edu.hu\/weboldal\/wp-content\/gallery\/sport\/DSCI0344.JPG\"\n               data-thumbnail=\"http:\/\/olasz-altisk.edu.hu\/weboldal\/wp-content\/gallery\/sport\/thumbs\/thumbs_DSCI0344.JPG\"\n               data-image-id=\"133\"\n               data-title=\"DSCI0344\"\n               data-description=\"A fels\u0151s n\u00e9met szaval\u00f3verseny helyezettjei.\"\n               data-image-slug=\"dsci0344\"\n               class=\"ngg-fancybox\" rel=\"eba2a05005cdd23353ef9b38127ea164\">\n                <img\n                    title=\"DSCI0344\"\n                    alt=\"DSCI0344\"\n                    src=\"http:\/\/olasz-altisk.edu.hu\/weboldal\/wp-content\/gallery\/sport\/thumbs\/thumbs_DSCI0344.JPG\"\n                    width=\"240\"\n                    height=\"160\"\n                    style=\"max-width:100%;\"\n                \/>\n            <\/a>\n        <\/div>\n\t\t\t\t\t\t\t<\/div> \n\t\t\t\n\t\t\t\t<div id=\"ngg-image-13\" class=\"ngg-gallery-thumbnail-box \" >\n\t\t\t\t        <div class=\"ngg-gallery-thumbnail\">\n            <a href=\"http:\/\/olasz-altisk.edu.hu\/weboldal\/wp-content\/gallery\/sport\/DSCI0342.JPG\"\n               title=\"Az als\u00f3s n\u00e9met szaval\u00f3verseny helyezettjei.\"\n               data-src=\"http:\/\/olasz-altisk.edu.hu\/weboldal\/wp-content\/gallery\/sport\/DSCI0342.JPG\"\n               data-thumbnail=\"http:\/\/olasz-altisk.edu.hu\/weboldal\/wp-content\/gallery\/sport\/thumbs\/thumbs_DSCI0342.JPG\"\n               data-image-id=\"132\"\n               data-title=\"DSCI0342\"\n               data-description=\"Az als\u00f3s n\u00e9met szaval\u00f3verseny helyezettjei.\"\n               data-image-slug=\"dsci0342\"\n               class=\"ngg-fancybox\" rel=\"eba2a05005cdd23353ef9b38127ea164\">\n                <img\n                    title=\"DSCI0342\"\n                    alt=\"DSCI0342\"\n                    src=\"http:\/\/olasz-altisk.edu.hu\/weboldal\/wp-content\/gallery\/sport\/thumbs\/thumbs_DSCI0342.JPG\"\n                    width=\"240\"\n                    height=\"160\"\n                    style=\"max-width:100%;\"\n                \/>\n            <\/a>\n        <\/div>\n\t\t\t\t\t\t\t<\/div> \n\t\t\t\n\t\t\t\t<div id=\"ngg-image-14\" class=\"ngg-gallery-thumbnail-box \" >\n\t\t\t\t        <div class=\"ngg-gallery-thumbnail\">\n            <a href=\"http:\/\/olasz-altisk.edu.hu\/weboldal\/wp-content\/gallery\/sport\/eyJraWQiOiJrMSIsImFsZyI6IlJTMjU2In0.eyJpc3MiOiJGTSIsImp0aSI6Ing3OE1ORjA4V29ZMW1NUi13NkhXZlEiLCJpYXQiOjE1MjQ0MDUzMTQsImV4cCI6MTUyNDQwODkxNCwic3ViIjoiMTY0OTMwMTEiLCJtc2dJZHMiOiIxNjQ5MzAxMS40MjA0ODYxNDY5IiwiYXR0SWRzIjo.jpg\"\n               title=\"Dacz\u00f3 M\u00e1t\u00e9 a Benedek Elek region\u00e1lis mesemond\u00f3 versenyen 1. helyez\u00e9st \u00e9rt el. Felk\u00e9sz\u00edt\u0151 tan\u00e1rai: T\u00f3th Gabriella \u00e9s \u00c1bel L\u00e1szl\u00f3\"\n               data-src=\"http:\/\/olasz-altisk.edu.hu\/weboldal\/wp-content\/gallery\/sport\/eyJraWQiOiJrMSIsImFsZyI6IlJTMjU2In0.eyJpc3MiOiJGTSIsImp0aSI6Ing3OE1ORjA4V29ZMW1NUi13NkhXZlEiLCJpYXQiOjE1MjQ0MDUzMTQsImV4cCI6MTUyNDQwODkxNCwic3ViIjoiMTY0OTMwMTEiLCJtc2dJZHMiOiIxNjQ5MzAxMS40MjA0ODYxNDY5IiwiYXR0SWRzIjo.jpg\"\n               data-thumbnail=\"http:\/\/olasz-altisk.edu.hu\/weboldal\/wp-content\/gallery\/sport\/thumbs\/thumbs_eyJraWQiOiJrMSIsImFsZyI6IlJTMjU2In0.eyJpc3MiOiJGTSIsImp0aSI6Ing3OE1ORjA4V29ZMW1NUi13NkhXZlEiLCJpYXQiOjE1MjQ0MDUzMTQsImV4cCI6MTUyNDQwODkxNCwic3ViIjoiMTY0OTMwMTEiLCJtc2dJZHMiOiIxNjQ5MzAxMS40MjA0ODYxNDY5IiwiYXR0SWRzIjo.jpg\"\n               data-image-id=\"130\"\n               data-title=\"eyJraWQiOiJrMSIsImFsZyI6IlJTMjU2In0.eyJpc3MiOiJGTSIsImp0aSI6Ing3OE1ORjA4V29ZMW1NUi13NkhXZlEiLCJpYXQiOjE1MjQ0MDUzMTQsImV4cCI6MTUyNDQwODkxNCwic3ViIjoiMTY0OTMwMTEiLCJtc2dJZHMiOiIxNjQ5MzAxMS40MjA0ODYxNDY5IiwiYXR0SWRzIjo\"\n               data-description=\"Dacz\u00f3 M\u00e1t\u00e9 a Benedek Elek region\u00e1lis mesemond\u00f3 versenyen 1. helyez\u00e9st \u00e9rt el. Felk\u00e9sz\u00edt\u0151 tan\u00e1rai: T\u00f3th Gabriella \u00e9s \u00c1bel L\u00e1szl\u00f3\"\n               data-image-slug=\"eyjrawqioijrmsisimfszyi6iljtmju2in0-eyjpc3mioijgtsisimp0asi6ing3oe1orja4v29zmw1nui13nkhxzleilcjpyxqioje1mjq0mduzmtqsimv4cci6mtuyndqwodkxncwic3viijoimty0otmwmteilcjtc2djzhmioiixnjq5mzaxms40mja0odyxndy5\"\n               class=\"ngg-fancybox\" rel=\"eba2a05005cdd23353ef9b38127ea164\">\n                <img\n                    title=\"eyJraWQiOiJrMSIsImFsZyI6IlJTMjU2In0.eyJpc3MiOiJGTSIsImp0aSI6Ing3OE1ORjA4V29ZMW1NUi13NkhXZlEiLCJpYXQiOjE1MjQ0MDUzMTQsImV4cCI6MTUyNDQwODkxNCwic3ViIjoiMTY0OTMwMTEiLCJtc2dJZHMiOiIxNjQ5MzAxMS40MjA0ODYxNDY5IiwiYXR0SWRzIjo\"\n                    alt=\"eyJraWQiOiJrMSIsImFsZyI6IlJTMjU2In0.eyJpc3MiOiJGTSIsImp0aSI6Ing3OE1ORjA4V29ZMW1NUi13NkhXZlEiLCJpYXQiOjE1MjQ0MDUzMTQsImV4cCI6MTUyNDQwODkxNCwic3ViIjoiMTY0OTMwMTEiLCJtc2dJZHMiOiIxNjQ5MzAxMS40MjA0ODYxNDY5IiwiYXR0SWRzIjo\"\n                    src=\"http:\/\/olasz-altisk.edu.hu\/weboldal\/wp-content\/gallery\/sport\/thumbs\/thumbs_eyJraWQiOiJrMSIsImFsZyI6IlJTMjU2In0.eyJpc3MiOiJGTSIsImp0aSI6Ing3OE1ORjA4V29ZMW1NUi13NkhXZlEiLCJpYXQiOjE1MjQ0MDUzMTQsImV4cCI6MTUyNDQwODkxNCwic3ViIjoiMTY0OTMwMTEiLCJtc2dJZHMiOiIxNjQ5MzAxMS40MjA0ODYxNDY5IiwiYXR0SWRzIjo.jpg\"\n                    width=\"120\"\n                    height=\"87\"\n                    style=\"max-width:100%;\"\n                \/>\n            <\/a>\n        <\/div>\n\t\t\t\t\t\t\t<\/div> \n\t\t\t\n\t\t\t\t<div id=\"ngg-image-15\" class=\"ngg-gallery-thumbnail-box \" >\n\t\t\t\t        <div class=\"ngg-gallery-thumbnail\">\n            <a href=\"http:\/\/olasz-altisk.edu.hu\/weboldal\/wp-content\/gallery\/sport\/30443586_1887835557906811_3510143339271815168_n.jpg\"\n               title=\"Di\u00e1kjaink a III. Diabelli Zongor\u00e1s Tal\u00e1lkoz\u00f3n vettek r\u00e9szt P\u00e9csett a Civil K\u00f6z\u00f6ss\u00e9gek H\u00e1z\u00e1ban m\u00e1rc.28-\u00e1n. I. korcsoport: Boros Anaszt\u00e1zia-ez\u00fcst, K\u00f3nya Kirill-bronz, II. korcsoport: Magyar Valentina-ez\u00fcst, S\u00e1ndor Vir\u00e1g- bronz min\u0151s\u00edt\u00e9st szereztek. &#013;\nFelk\u00e9sz\u00edt\u0151 tan\u00e1r: Zsoldosn\u00e9 Pusk\u00e1s Bea GRATUL\u00c1LUNK!\"\n               data-src=\"http:\/\/olasz-altisk.edu.hu\/weboldal\/wp-content\/gallery\/sport\/30443586_1887835557906811_3510143339271815168_n.jpg\"\n               data-thumbnail=\"http:\/\/olasz-altisk.edu.hu\/weboldal\/wp-content\/gallery\/sport\/thumbs\/thumbs_30443586_1887835557906811_3510143339271815168_n.jpg\"\n               data-image-id=\"129\"\n               data-title=\"30443586_1887835557906811_3510143339271815168_n\"\n               data-description=\"Di\u00e1kjaink a III. Diabelli Zongor\u00e1s Tal\u00e1lkoz\u00f3n vettek r\u00e9szt P\u00e9csett a Civil K\u00f6z\u00f6ss\u00e9gek H\u00e1z\u00e1ban m\u00e1rc.28-\u00e1n. I. korcsoport: Boros Anaszt\u00e1zia-ez\u00fcst, K\u00f3nya Kirill-bronz, II. korcsoport: Magyar Valentina-ez\u00fcst, S\u00e1ndor Vir\u00e1g- bronz min\u0151s\u00edt\u00e9st szereztek. &#013;\nFelk\u00e9sz\u00edt\u0151 tan\u00e1r: Zsoldosn\u00e9 Pusk\u00e1s Bea GRATUL\u00c1LUNK!\"\n               data-image-slug=\"30443586_1887835557906811_3510143339271815168_n\"\n               class=\"ngg-fancybox\" rel=\"eba2a05005cdd23353ef9b38127ea164\">\n                <img\n                    title=\"30443586_1887835557906811_3510143339271815168_n\"\n                    alt=\"30443586_1887835557906811_3510143339271815168_n\"\n                    src=\"http:\/\/olasz-altisk.edu.hu\/weboldal\/wp-content\/gallery\/sport\/thumbs\/thumbs_30443586_1887835557906811_3510143339271815168_n.jpg\"\n                    width=\"240\"\n                    height=\"160\"\n                    style=\"max-width:100%;\"\n                \/>\n            <\/a>\n        <\/div>\n\t\t\t\t\t\t\t<\/div> \n\t\t\t\n\t\t\t\t<div id=\"ngg-image-16\" class=\"ngg-gallery-thumbnail-box \" >\n\t\t\t\t        <div class=\"ngg-gallery-thumbnail\">\n            <a href=\"http:\/\/olasz-altisk.edu.hu\/weboldal\/wp-content\/gallery\/sport\/29472097_1183242068478735_7062842786666691931_n.jpg\"\n               title=\"A V\u00edz Vil\u00e1gnapja 2018. alkalm\u00e1b\u00f3l meghirdetett orsz\u00e1gos versenyen mindk\u00e9t csapatunk els\u0151 helyez\u00e9st \u00e9rt el. &#013;\nFelk\u00e9sz\u00edt\u0151 tan\u00e1r: Balogh L\u00edvia    Gratul\u00e1lunk!\"\n               data-src=\"http:\/\/olasz-altisk.edu.hu\/weboldal\/wp-content\/gallery\/sport\/29472097_1183242068478735_7062842786666691931_n.jpg\"\n               data-thumbnail=\"http:\/\/olasz-altisk.edu.hu\/weboldal\/wp-content\/gallery\/sport\/thumbs\/thumbs_29472097_1183242068478735_7062842786666691931_n.jpg\"\n               data-image-id=\"128\"\n               data-title=\"29472097_1183242068478735_7062842786666691931_n\"\n               data-description=\"A V\u00edz Vil\u00e1gnapja 2018. alkalm\u00e1b\u00f3l meghirdetett orsz\u00e1gos versenyen mindk\u00e9t csapatunk els\u0151 helyez\u00e9st \u00e9rt el. &#013;\nFelk\u00e9sz\u00edt\u0151 tan\u00e1r: Balogh L\u00edvia    Gratul\u00e1lunk!\"\n               data-image-slug=\"29472097_1183242068478735_7062842786666691931_n\"\n               class=\"ngg-fancybox\" rel=\"eba2a05005cdd23353ef9b38127ea164\">\n                <img\n                    title=\"29472097_1183242068478735_7062842786666691931_n\"\n                    alt=\"29472097_1183242068478735_7062842786666691931_n\"\n                    src=\"http:\/\/olasz-altisk.edu.hu\/weboldal\/wp-content\/gallery\/sport\/thumbs\/thumbs_29472097_1183242068478735_7062842786666691931_n.jpg\"\n                    width=\"240\"\n                    height=\"160\"\n                    style=\"max-width:100%;\"\n                \/>\n            <\/a>\n        <\/div>\n\t\t\t\t\t\t\t<\/div> \n\t\t\t\n\t\t\t\t<div id=\"ngg-image-17\" class=\"ngg-gallery-thumbnail-box \" >\n\t\t\t\t        <div class=\"ngg-gallery-thumbnail\">\n            <a href=\"http:\/\/olasz-altisk.edu.hu\/weboldal\/wp-content\/gallery\/sport\/r%C3%B6pi2.jpg\"\n               title=\"A R\u00d6PLABDA DI\u00c1KOLIMPI\u00c1N Moh\u00e1cson, 1. helyez\u00e9st \u00e9rt el mindk\u00e9t csapatunk. Felk\u00e9sz\u00edt\u0151 tan\u00e1ruk: Szendr\u0151 Zolt\u00e1n.&#013;\nSz\u00e9p volt!\"\n               data-src=\"http:\/\/olasz-altisk.edu.hu\/weboldal\/wp-content\/gallery\/sport\/r%C3%B6pi2.jpg\"\n               data-thumbnail=\"http:\/\/olasz-altisk.edu.hu\/weboldal\/wp-content\/gallery\/sport\/thumbs\/thumbs_r%C3%B6pi2.jpg\"\n               data-image-id=\"115\"\n               data-title=\"r\u00f6pi2\"\n               data-description=\"A R\u00d6PLABDA DI\u00c1KOLIMPI\u00c1N Moh\u00e1cson, 1. helyez\u00e9st \u00e9rt el mindk\u00e9t csapatunk. Felk\u00e9sz\u00edt\u0151 tan\u00e1ruk: Szendr\u0151 Zolt\u00e1n.&#013;\nSz\u00e9p volt!\"\n               data-image-slug=\"r%c3%b6pi2\"\n               class=\"ngg-fancybox\" rel=\"eba2a05005cdd23353ef9b38127ea164\">\n                <img\n                    title=\"r\u00f6pi2\"\n                    alt=\"r\u00f6pi2\"\n                    src=\"http:\/\/olasz-altisk.edu.hu\/weboldal\/wp-content\/gallery\/sport\/thumbs\/thumbs_r%C3%B6pi2.jpg\"\n                    width=\"240\"\n                    height=\"160\"\n                    style=\"max-width:100%;\"\n                \/>\n            <\/a>\n        <\/div>\n\t\t\t\t\t\t\t<\/div> \n\t\t\t\n\t\t\t\t<div id=\"ngg-image-18\" class=\"ngg-gallery-thumbnail-box \" >\n\t\t\t\t        <div class=\"ngg-gallery-thumbnail\">\n            <a href=\"http:\/\/olasz-altisk.edu.hu\/weboldal\/wp-content\/gallery\/sport\/r%C3%B6pi1.jpg\"\n               title=\"A R\u00d6PLABDA DI\u00c1KOLIMPI\u00c1N Moh\u00e1cson, 1. helyez\u00e9st \u00e9rt el mindk\u00e9t csapatunk. Felk\u00e9sz\u00edt\u0151 tan\u00e1ruk: Szendr\u0151 Zolt\u00e1n.&#013;\nSz\u00e9p volt!\"\n               data-src=\"http:\/\/olasz-altisk.edu.hu\/weboldal\/wp-content\/gallery\/sport\/r%C3%B6pi1.jpg\"\n               data-thumbnail=\"http:\/\/olasz-altisk.edu.hu\/weboldal\/wp-content\/gallery\/sport\/thumbs\/thumbs_r%C3%B6pi1.jpg\"\n               data-image-id=\"114\"\n               data-title=\"r\u00f6pi1\"\n               data-description=\"A R\u00d6PLABDA DI\u00c1KOLIMPI\u00c1N Moh\u00e1cson, 1. helyez\u00e9st \u00e9rt el mindk\u00e9t csapatunk. Felk\u00e9sz\u00edt\u0151 tan\u00e1ruk: Szendr\u0151 Zolt\u00e1n.&#013;\nSz\u00e9p volt!\"\n               data-image-slug=\"r%c3%b6pi1\"\n               class=\"ngg-fancybox\" rel=\"eba2a05005cdd23353ef9b38127ea164\">\n                <img\n                    title=\"r\u00f6pi1\"\n                    alt=\"r\u00f6pi1\"\n                    src=\"http:\/\/olasz-altisk.edu.hu\/weboldal\/wp-content\/gallery\/sport\/thumbs\/thumbs_r%C3%B6pi1.jpg\"\n                    width=\"240\"\n                    height=\"160\"\n                    style=\"max-width:100%;\"\n                \/>\n            <\/a>\n        <\/div>\n\t\t\t\t\t\t\t<\/div> \n\t\t\t\n\t\t\t\t<div id=\"ngg-image-19\" class=\"ngg-gallery-thumbnail-box \" >\n\t\t\t\t        <div class=\"ngg-gallery-thumbnail\">\n            <a href=\"http:\/\/olasz-altisk.edu.hu\/weboldal\/wp-content\/gallery\/sport\/Katona-Z%C3%A9t%C3%A9ny.jpg\"\n               title=\"Gratul\u00e1lunk Katona Z\u00e9t\u00e9nynek!&#013;\nSZIGO Kupa D Nyolct\u00e1nc Orsz\u00e1gos bajnoks\u00e1gon:Junior I.D.latin 1.hely.Junior I. D.standard 1. hely.&#013;\n8 t\u00e1nc Orsz\u00e1gos bajnoks\u00e1g 1.hely.\"\n               data-src=\"http:\/\/olasz-altisk.edu.hu\/weboldal\/wp-content\/gallery\/sport\/Katona-Z%C3%A9t%C3%A9ny.jpg\"\n               data-thumbnail=\"http:\/\/olasz-altisk.edu.hu\/weboldal\/wp-content\/gallery\/sport\/thumbs\/thumbs_Katona-Z%C3%A9t%C3%A9ny.jpg\"\n               data-image-id=\"113\"\n               data-title=\"Katona Z\u00e9t\u00e9ny\"\n               data-description=\"Gratul\u00e1lunk Katona Z\u00e9t\u00e9nynek!&#013;\nSZIGO Kupa D Nyolct\u00e1nc Orsz\u00e1gos bajnoks\u00e1gon:Junior I.D.latin 1.hely.Junior I. D.standard 1. hely.&#013;\n8 t\u00e1nc Orsz\u00e1gos bajnoks\u00e1g 1.hely.\"\n               data-image-slug=\"katona-z%c3%a9t%c3%a9ny\"\n               class=\"ngg-fancybox\" rel=\"eba2a05005cdd23353ef9b38127ea164\">\n                <img\n                    title=\"Katona Z\u00e9t\u00e9ny\"\n                    alt=\"Katona Z\u00e9t\u00e9ny\"\n                    src=\"http:\/\/olasz-altisk.edu.hu\/weboldal\/wp-content\/gallery\/sport\/thumbs\/thumbs_Katona-Z%C3%A9t%C3%A9ny.jpg\"\n                    width=\"240\"\n                    height=\"160\"\n                    style=\"max-width:100%;\"\n                \/>\n            <\/a>\n        <\/div>\n\t\t\t\t\t\t\t<\/div> \n\t\t\t\n\t\n\t<br style=\"clear: both\" \/>\n\n\t\n\t\t<!-- Pagination -->\n\t<div class='ngg-clear'><\/div>\t<\/div>\n\n","protected":false},"excerpt":{"rendered":"<p>&#8221; order_by=&#8221;sortorder&#8221; order_direction=&#8221;ASC&#8221; returns=&#8221;included&#8221; maximum_entity_count=&#8221;500&#8243;]<\/p>\n","protected":false},"author":1,"featured_media":0,"parent":0,"menu_order":0,"comment_status":"closed","ping_status":"closed","template":"","meta":{"ngg_post_thumbnail":0},"_links":{"self":[{"href":"http:\/\/olasz-altisk.edu.hu\/weboldal\/index.php?rest_route=\/wp\/v2\/pages\/21"}],"collection":[{"href":"http:\/\/olasz-altisk.edu.hu\/weboldal\/index.php?rest_route=\/wp\/v2\/pages"}],"about":[{"href":"http:\/\/olasz-altisk.edu.hu\/weboldal\/index.php?rest_route=\/wp\/v2\/types\/page"}],"author":[{"embeddable":true,"href":"http:\/\/olasz-altisk.edu.hu\/weboldal\/index.php?rest_route=\/wp\/v2\/users\/1"}],"replies":[{"embeddable":true,"href":"http:\/\/olasz-altisk.edu.hu\/weboldal\/index.php?rest_route=%2Fwp%2Fv2%2Fcomments&post=21"}],"version-history":[{"count":6,"href":"http:\/\/olasz-altisk.edu.hu\/weboldal\/index.php?rest_route=\/wp\/v2\/pages\/21\/revisions"}],"predecessor-version":[{"id":121,"href":"http:\/\/olasz-altisk.edu.hu\/weboldal\/index.php?rest_route=\/wp\/v2\/pages\/21\/revisions\/121"}],"wp:attachment":[{"href":"http:\/\/olasz-altisk.edu.hu\/weboldal\/index.php?rest_route=%2Fwp%2Fv2%2Fmedia&parent=21"}],"curies":[{"name":"wp","href":"https:\/\/api.w.org\/{rel}","templated":true}]}}