{"id":47,"date":"2017-05-09T17:35:06","date_gmt":"2017-05-09T17:35:06","guid":{"rendered":"http:\/\/olasz-altisk.sulinet.hu\/weboldal\/?page_id=47"},"modified":"2024-03-05T20:03:00","modified_gmt":"2024-03-05T19:03:00","slug":"szakkorok","status":"publish","type":"page","link":"http:\/\/olasz-altisk.edu.hu\/weboldal\/?page_id=47","title":{"rendered":"Szakk\u00f6r\u00f6k"},"content":{"rendered":"<table class=\" aligncenter\" style=\"border: 5px double; border-collapse: separate; border-spacing: 2px; width: 100%; height: 525px;\" cellspacing=\"2\">\n<thead>\n<tr style=\"height: 24px;\">\n<th>Szakk\u00f6r neve<\/th>\n<th>Szakk\u00f6rvezet\u0151<\/th>\n<th>R\u00e9sztvev\u0151k sz\u00e1ma (f\u0151)<\/th>\n<th>Szakk\u00f6r ideje<\/th>\n<\/tr>\n<\/thead>\n<tbody>\n<tr style=\"height: 24px;\">\n<td>K\u00e9zm\u0171ves (Diabeli M\u0171v\u00e9szeti Alap\u00edtv\u00e1ny szervez\u00e9s\u00e9ben)<\/td>\n<td>&nbsp;<\/td>\n<td>15<\/td>\n<td>p\u00e9ntek 1245-1545<\/td>\n<\/tr>\n<tr style=\"height: 108px;\">\n<td>T\u00e1rsast\u00e1nc (Diabeli M\u0171v\u00e9szeti Alap\u00edtv\u00e1ny szervez\u00e9s\u00e9ben)<\/td>\n<td>Kir\u00e1ly Bal\u00e1zs<\/td>\n<td>44<\/td>\n<td>h\u00e9tf\u0151: 8-9. \u00f3ra&nbsp;<\/p>\n<p>kedd: 6-9. \u00f3ra<\/td>\n<\/tr>\n<tr>\n<td>Kompetencia fejleszt\u0151 matematika 6.<\/td>\n<td>Kereky Zolt\u00e1nn\u00e9<\/td>\n<td>13<\/td>\n<td>szerda: 7. \u00f3ra<\/td>\n<\/tr>\n<tr>\n<td>Kompetencia fejleszt\u0151 magyar 6.<\/td>\n<td>Bernhardt Enik\u0151<\/td>\n<td>13<\/td>\n<td>kedd: 5. \u00f3ra<\/td>\n<\/tr>\n<tr>\n<td>Kompetencia fejleszt\u0151 matematika 8.<\/td>\n<td>Kereky Zolt\u00e1nn\u00e9<\/td>\n<td>14<\/td>\n<td>p\u00e9ntek: 7. \u00f3ra<\/td>\n<\/tr>\n<tr>\n<td>Kompetencia fejleszt\u0151 magyar 8.<\/td>\n<td>Dukai Zolt\u00e1n<\/td>\n<td>14<\/td>\n<td>szerda: 5. \u00f3ra<\/td>\n<\/tr>\n<tr>\n<td>K\u00f6rnyezetv\u00e9delmi szakk\u00f6r<\/td>\n<td>Laklia Barbara<\/td>\n<td>14<\/td>\n<td>h\u00e9tf\u0151: 6. \u00f3ra<\/td>\n<\/tr>\n<tr>\n<td>Term\u00e9szettudom\u00e1nyi szakk\u00f6r<\/td>\n<td>Laklia Barbara<\/td>\n<td>29<\/td>\n<td>h\u00e9tf\u0151: 7. \u00f3ra<\/td>\n<\/tr>\n<tr>\n<td>Nyelvvizsga el\u0151k\u00e9sz\u00edt\u0151<\/td>\n<td>Soponyain\u00e9 F. Magdolna<\/td>\n<td>15<\/td>\n<td>h\u00e9tf\u0151: 7. \u00f3ra<\/td>\n<\/tr>\n<tr>\n<td>N\u00e9met nemzetis\u00e9gi t\u00e1nc als\u00f3s<\/td>\n<td>Bernhardt Enik\u0151<\/td>\n<td>18<\/td>\n<td>cs\u00fct\u00f6rt\u00f6k: 6. \u00f3ra<\/td>\n<\/tr>\n<tr>\n<td>N\u00e9met nemzetis\u00e9gi t\u00e1nc fels\u0151s<\/td>\n<td>Bernhardt Enik\u0151<\/td>\n<td>27<\/td>\n<td>cs\u00fct\u00f6rt\u00f6k: 8. \u00f3ra<\/td>\n<\/tr>\n<\/tbody>\n<\/table>\n","protected":false},"excerpt":{"rendered":"<p>Szakk\u00f6r neve Szakk\u00f6rvezet\u0151 R\u00e9sztvev\u0151k sz\u00e1ma (f\u0151) Szakk\u00f6r ideje K\u00e9zm\u0171ves (Diabeli M\u0171v\u00e9szeti Alap\u00edtv\u00e1ny szervez\u00e9s\u00e9ben) &nbsp; 15 p\u00e9ntek 1245-1545 T\u00e1rsast\u00e1nc (Diabeli M\u0171v\u00e9szeti Alap\u00edtv\u00e1ny szervez\u00e9s\u00e9ben) Kir\u00e1ly Bal\u00e1zs 44 h\u00e9tf\u0151: 8-9. \u00f3ra&nbsp; kedd: 6-9. \u00f3ra Kompetencia fejleszt\u0151 matematika 6. Kereky Zolt\u00e1nn\u00e9 13 szerda: 7. \u00f3ra Kompetencia fejleszt\u0151 magyar 6. Bernhardt Enik\u0151 13 kedd: 5. \u2026 <a class=\"continue-reading-link\" href=\"http:\/\/olasz-altisk.edu.hu\/weboldal\/?page_id=47\"> Continue reading <span class=\"meta-nav\">&rarr; <\/span><\/a><\/p>\n","protected":false},"author":1,"featured_media":0,"parent":0,"menu_order":0,"comment_status":"closed","ping_status":"closed","template":"","meta":{"ngg_post_thumbnail":0},"_links":{"self":[{"href":"http:\/\/olasz-altisk.edu.hu\/weboldal\/index.php?rest_route=\/wp\/v2\/pages\/47"}],"collection":[{"href":"http:\/\/olasz-altisk.edu.hu\/weboldal\/index.php?rest_route=\/wp\/v2\/pages"}],"about":[{"href":"http:\/\/olasz-altisk.edu.hu\/weboldal\/index.php?rest_route=\/wp\/v2\/types\/page"}],"author":[{"embeddable":true,"href":"http:\/\/olasz-altisk.edu.hu\/weboldal\/index.php?rest_route=\/wp\/v2\/users\/1"}],"replies":[{"embeddable":true,"href":"http:\/\/olasz-altisk.edu.hu\/weboldal\/index.php?rest_route=%2Fwp%2Fv2%2Fcomments&post=47"}],"version-history":[{"count":13,"href":"http:\/\/olasz-altisk.edu.hu\/weboldal\/index.php?rest_route=\/wp\/v2\/pages\/47\/revisions"}],"predecessor-version":[{"id":3470,"href":"http:\/\/olasz-altisk.edu.hu\/weboldal\/index.php?rest_route=\/wp\/v2\/pages\/47\/revisions\/3470"}],"wp:attachment":[{"href":"http:\/\/olasz-altisk.edu.hu\/weboldal\/index.php?rest_route=%2Fwp%2Fv2%2Fmedia&parent=47"}],"curies":[{"name":"wp","href":"https:\/\/api.w.org\/{rel}","templated":true}]}}